{"id":867,"date":"2018-06-15T12:03:10","date_gmt":"2018-06-15T11:03:10","guid":{"rendered":"http:\/\/www.rops-bialystok.pl\/andrzej\/?page_id=867"},"modified":"2024-09-23T11:26:09","modified_gmt":"2024-09-23T09:26:09","slug":"klauzula-informacyjna-o-przetwarzaniu-danych-osobowych","status":"publish","type":"page","link":"https:\/\/rops-bialystok.pl\/adopcja\/index.php\/klauzula-informacyjna-o-przetwarzaniu-danych-osobowych\/","title":{"rendered":"Klauzula informacyjna o przetwarzaniu danych osobowych"},"content":{"rendered":"<p>W zwi\u0105zku z zapisami art. 13 oraz art. 14 Rozporz\u0105dzenia Parlamentu Europejskiego i Rady (UE) 2016\/679 z dnia 27 kwietnia 2016 r. w sprawie ochrony os\u00f3b fizycznych w zwi\u0105zku z przetwarzaniem danych osobowych i w sprawie swobodnego przep\u0142ywu takich danych uchylenia dyrektywy 95\/46\/WE (Dz. Urz. UE.L. 2016.119.1) (og\u00f3lne rozporz\u0105dzenie o ochronie danych) (Dz. U. UE. z 2016 r., L 119, poz. 1) dalej RODO, informuj\u0119 o zasadach przetwarzania danych osobowych oraz o przys\u0142uguj\u0105cych prawach z tym zwi\u0105zanych.<br \/>\n\u2022 Administratorem Pani\/Pana danych osobowych jest O\u015brodek Adopcyjny Regionalnego O\u015brodka Polityki Spo\u0142ecznej w Bia\u0142ymstoku ul. Kombatant\u00f3w 7, 15-110 Bia\u0142ystok,<br \/>\n\u2022 Administrator, zgodnie z art. 37 ust. 1 lit. a) RODO, powo\u0142a\u0142 Inspektora Ochrony Danych, z kt\u00f3rym mo\u017ce Pani\/Pan kontaktowa\u0107 si\u0119 pod adresem poczty elektronicznej: iod@rops-bialystok.pl,<br \/>\n\u2022 Celem dzia\u0142ania O\u015brodka Adopcyjnego ROPS jest realizacja zada\u0144 okre\u015blonych w art. 156 ustawy z dnia 9 czerwca 2011 roku o wspieraniu rodziny i systemie pieczy zast\u0119pczej (t.j. Dz.U. z 2024 r. poz. 177).<br \/>\n\u2022 Podstaw\u0105 prawn\u0105 przetwarzania danych osobowych w powy\u017cszym celu jest art. 6 ust.1 lit. c), e) i art. 9 ust. 2 lit. b), g) RODO oraz art. 7 ustawy z dnia 9 czerwca 2011 roku o wspieraniu rodziny i systemie pieczy zast\u0119pczej (t.j. Dz.U. z 2024 r. poz. 177)<br \/>\n\u2022 Administrator przetwarza Pa\u0144stwa dane osobowe w \u015bci\u015ble okre\u015blonych sytuacjach i z zachowaniem wysokich standard\u00f3w bezpiecze\u0144stwa oraz w zakresie niezb\u0119dnym do osi\u0105gni\u0119cia celu, o kt\u00f3rym mowa powy\u017cej. W szczeg\u00f3lnych sytuacjach Administrator mo\u017ce przekaza\u0107\/powierzy\u0107 Pa\u0144stwa dane innym podmiotom. Podstaw\u0105 przekazania\/powierzenia danych s\u0105 przepisy prawa.<br \/>\n\u2022 Dane osobowe przetwarzane przez O\u015brodek Adopcyjny Regionalnego O\u015brodka Polityki Spo\u0142ecznej w Bia\u0142ymstoku przechowywane b\u0119d\u0105 przez okres niezb\u0119dny<br \/>\ndo realizacji celu dla jakiego zosta\u0142y zebrane oraz zgodnie z terminami archiwizacji okre\u015blonymi przez ustaw\u0119 o wspieraniu rodziny i systemie pieczy zast\u0119pczej<br \/>\ni Rozporz\u0105dzenie Prezesa Rady Ministr\u00f3w z dnia 18 stycznia 2011 r. w sprawie instrukcji kancelaryjnej, jednolitych rzeczowych wykaz\u00f3w akt oraz instrukcji w sprawie organizacji i zakresu dzia\u0142ania archiw\u00f3w zak\u0142adowych.<br \/>\n\u2022 Osoba, kt\u00f3rej dane s\u0105 przetwarzane ma prawo dost\u0119pu do tre\u015bci swoich danych osobowych oraz prawo \u017c\u0105dania ich sprostowania, usuni\u0119cia lub ograniczenia przetwarzania, prawo do sprzeciwu wobec przetwarzania, prawo do przenoszenia danych, a tak\u017ce prawo wniesienia skargi do organu nadzorczego.<br \/>\nOrganem w\u0142a\u015bciwym dla ww. skargi jest: Prezes Urz\u0119du Ochrony Danych Osobowych, ul. Stawki 2, 00-193 Warszawa<br \/>\n\u2022 Osoba, kt\u00f3rej dane przetwarzane s\u0105 na podstawie zgody wyra\u017conej przez t\u0119 osob\u0119 ma prawo do cofni\u0119cia tej zgody w dowolnym momencie bez wp\u0142ywu na zgodno\u015b\u0107 z prawem przetwarzania, kt\u00f3rego dokonano na podstawie zgody przed jej cofni\u0119ciem.<br \/>\n\u2022 Pa\u0144stwa dane osobowe nie b\u0119d\u0105 wykorzystywane do zautomatyzowanego podejmowania decyzji ani profilowania, o kt\u00f3rym mowa w art. 22 RODO.<br \/>\n\u2022 Pa\u0144stwa dane osobowe nie b\u0119d\u0105 przekazywane do pa\u0144stwa trzeciego lub organizacji mi\u0119dzynarodowej.<\/p>\n<p>Do pobrania:<\/p>\n<ul>\n<li><a href=\"https:\/\/rops-bialystok.pl\/adopcja\/wp-content\/uploads\/2024\/04\/KLAUZULA-INFORMACYJNA-O-PRZETWARZANIU-DANYCH-OSOBOWYCH-OSOB-ZGLASZAJACYCH-GOTOWOSC-DO-PRZYSPOSOBIENIA-DZIECKA.pdf\">KLAUZULA INFORMACYJNA O PRZETWARZANIU DANYCH OSOBOWYCH OS\u00d3B ZG\u0141ASZAJ\u0104CYCH GOTOWO\u015a\u0106 DO PRZYSPOSOBIENIA DZIECKA<\/a><\/li>\n<li><a href=\"https:\/\/rops-bialystok.pl\/adopcja\/wp-content\/uploads\/2024\/04\/KLAUZULA-INFORMACYJNA-O-PRZETWARZANIU-DANYCH-OSOBOWYCH-kandydatow-do-pelnienia-funkcji-rodziny-zastepczej-lub-prowadzenia-rodzinnego-domu-dziecka.pdf\">KLAUZULA INFORMACYJNA O PRZETWARZANIU DANYCH OSOBOWYCH kandydat\u00f3w do pe\u0142nienia funkcji rodziny zast\u0119pczej lub prowadzenia rodzinnego domu dziecka<\/a><\/li>\n<\/ul>\n","protected":false},"excerpt":{"rendered":"<p>W zwi\u0105zku z zapisami art. 13 oraz art. 14 Rozporz\u0105dzenia Parlamentu Europejskiego i Rady (UE) 2016\/679 z dnia 27 kwietnia 2016 r. w sprawie ochrony os\u00f3b fizycznych w zwi\u0105zku z przetwarzaniem danych osobowych i w sprawie swobodnego przep\u0142ywu takich danych uchylenia dyrektywy 95\/46\/WE (Dz. Urz. UE.L. 2016.119.1) (og\u00f3lne rozporz\u0105dzenie o ochronie danych) (Dz. U. UE. &hellip; <a href=\"https:\/\/rops-bialystok.pl\/adopcja\/index.php\/klauzula-informacyjna-o-przetwarzaniu-danych-osobowych\/\" class=\"more-link\">Continue reading<span class=\"screen-reader-text\"> &#8222;Klauzula informacyjna o przetwarzaniu danych osobowych&#8221;<\/span><\/a><\/p>\n","protected":false},"author":2,"featured_media":0,"parent":0,"menu_order":0,"comment_status":"closed","ping_status":"closed","template":"","meta":{"footnotes":""},"class_list":["post-867","page","type-page","status-publish","hentry"],"_links":{"self":[{"href":"https:\/\/rops-bialystok.pl\/adopcja\/index.php\/wp-json\/wp\/v2\/pages\/867","targetHints":{"allow":["GET"]}}],"collection":[{"href":"https:\/\/rops-bialystok.pl\/adopcja\/index.php\/wp-json\/wp\/v2\/pages"}],"about":[{"href":"https:\/\/rops-bialystok.pl\/adopcja\/index.php\/wp-json\/wp\/v2\/types\/page"}],"author":[{"embeddable":true,"href":"https:\/\/rops-bialystok.pl\/adopcja\/index.php\/wp-json\/wp\/v2\/users\/2"}],"replies":[{"embeddable":true,"href":"https:\/\/rops-bialystok.pl\/adopcja\/index.php\/wp-json\/wp\/v2\/comments?post=867"}],"version-history":[{"count":12,"href":"https:\/\/rops-bialystok.pl\/adopcja\/index.php\/wp-json\/wp\/v2\/pages\/867\/revisions"}],"predecessor-version":[{"id":4216,"href":"https:\/\/rops-bialystok.pl\/adopcja\/index.php\/wp-json\/wp\/v2\/pages\/867\/revisions\/4216"}],"wp:attachment":[{"href":"https:\/\/rops-bialystok.pl\/adopcja\/index.php\/wp-json\/wp\/v2\/media?parent=867"}],"curies":[{"name":"wp","href":"https:\/\/api.w.org\/{rel}","templated":true}]}}