{"id":14,"date":"2012-07-20T21:43:34","date_gmt":"2012-07-20T19:43:34","guid":{"rendered":"http:\/\/www.rops-bialystok.pl\/ppwr\/?page_id=14"},"modified":"2023-07-07T14:46:52","modified_gmt":"2023-07-07T12:46:52","slug":"osoba-stosujaca-przemoc","status":"publish","type":"page","link":"https:\/\/rops-bialystok.pl\/ppwr\/?page_id=14","title":{"rendered":"Osoba stosuj\u0105ca przemoc"},"content":{"rendered":"<p style=\"text-align: left;\" align=\"center\"><span style=\"font-family: arial, helvetica, sans-serif; font-size: 16px;\"><b>OSOBY STOSUJ\u0104CE PRZEMOC W RODZINIE<\/b><\/span><\/p>\n<p style=\"text-align: left;\"><span style=\"font-family: arial, helvetica, sans-serif;\">Trudno jest nakre\u015bli\u0107 portret osoby stosuj\u0105cej przemoc. Post\u0119powanie sprawc\u00f3w cz\u0119sto bywa wspierane przez czynniki kulturowe, w\u00a0wielu przypadkach przemoc jest zwi\u0105zana z\u00a0nietrze\u017awo\u015bci\u0105 sprawc\u00f3w, ale alkohol nie powinien by\u0107 obarczony bezpo\u015bredni\u0105 i\u00a0wy\u0142\u0105czn\u0105 odpowiedzialno\u015bci\u0105 za przemoc, nie jest przyczyn\u0105, ale mo\u017ce wp\u0142ywa\u0107 na\u00a0przemoc poprzez wzmacnianie czynnik\u00f3w ryzyka i\u00a0pot\u0119gowanie ich dzia\u0142ania, chocia\u017c nie jest za nie bezpo\u015brednio odpowiedzialny. Wyeliminowanie go wcale nie musi oznacza\u0107 zlikwidowanie przyczyn przemocy.<\/span><\/p>\n<p style=\"text-align: left;\"><span style=\"font-family: arial, helvetica, sans-serif;\">\u00a0<\/span><\/p>\n<p style=\"text-align: left;\" align=\"center\"><span style=\"font-family: arial, helvetica, sans-serif;\"><b>PRZEMOC RODZI PRZEMOC. <\/b><\/span><\/p>\n<p style=\"text-align: left;\" align=\"center\"><span style=\"font-family: arial, helvetica, sans-serif;\"><b>Prawie wszystkie osoby stosuj\u0105ce przemoc w\u00a0dzieci\u0144stwie i\/lub m\u0142odo\u015bci byli <\/b><\/span><span style=\"font-family: arial, helvetica, sans-serif;\"><b>KRZYWDZENI, ZANIEDBYWANI, BICI, CZY MOLESTOWANI SEKSUALNIE.<\/b><\/span><\/p>\n<p style=\"text-align: left;\" align=\"center\"><span style=\"font-family: arial, helvetica, sans-serif;\">\u00a0<\/span><\/p>\n<p style=\"text-align: left;\"><span style=\"font-family: arial, helvetica, sans-serif;\">Skuteczne przeciwdzia\u0142anie przemocy w\u00a0rodzinie wymaga bezwzgl\u0119dnego karania os\u00f3b stosuj\u0105cych przemoc oraz podejmowania innych dzia\u0142a\u0144 maj\u0105cych na\u00a0celu zapobieganie temu zjawisku. Sankcje dla os\u00f3b stosuj\u0105cych przemoc przewidziane s\u0105 w\u00a0r\u00f3\u017cnych artyku\u0142ach kodeksu karnego:<\/span><\/p>\n<p style=\"text-align: left;\"><span style=\"font-family: arial, helvetica, sans-serif;\"><b>Art. 207 kk<\/b> \u2013 zn\u0119canie si\u0119<\/span><\/p>\n<p style=\"text-align: left;\"><span style=\"font-family: arial, helvetica, sans-serif;\"><b>Art. 157 kk<\/b> \u2013 naruszenie czynno\u015bci narz\u0105du cia\u0142a lub rozstroju zdrowia<\/span><\/p>\n<p style=\"text-align: left;\"><span style=\"font-family: arial, helvetica, sans-serif;\"><b>Art. 156 kk<\/b> \u2013 ci\u0119\u017cki uszczerbek na zdrowiu<\/span><\/p>\n<p style=\"text-align: left;\"><span style=\"font-family: arial, helvetica, sans-serif;\"><b>Art. 190 kk<\/b> \u2013 gro\u017aby karalne<\/span><\/p>\n<p style=\"text-align: left;\"><span style=\"font-family: arial, helvetica, sans-serif;\"><b>Art. 191 kk<\/b> \u2013 zmuszanie do okre\u015blonego zachowania<\/span><\/p>\n<p style=\"text-align: left;\"><span style=\"font-family: arial, helvetica, sans-serif;\"><b>Art. 197 kk<\/b> \u2013 zgwa\u0142cenie<\/span><\/p>\n<p style=\"text-align: left;\"><span style=\"font-family: arial, helvetica, sans-serif;\">\u00a0<\/span><\/p>\n<p style=\"text-align: left;\" align=\"center\"><span style=\"font-family: arial, helvetica, sans-serif; font-size: 14px;\"><b>PROGRAMY KOREKCYJNO \u2013 EDUKACYJNE WOBEC OS\u00d3B STOSUJ\u0104CYCH PRZEMOC W RODZINIE<\/b><\/span><\/p>\n<p style=\"text-align: left;\"><span style=\"font-family: arial, helvetica, sans-serif;\">Coraz cz\u0119\u015bciej podejmowane s\u0105 pr\u00f3by oddzia\u0142ywania na\u00a0sprawc\u00f3w, kt\u00f3re zmierzaj\u0105 do nauczenia ich samokontroli i\u00a0wyzwolenia spod wp\u0142ywu na\u0142ogowej agresywno\u015bci. Obowi\u0105zek realizacji program\u00f3w oddzia\u0142ywa\u0144 korekcyjno-edukacyjnych wobec os\u00f3b stosuj\u0105cych przemoc w\u00a0rodzinie okre\u015blony zosta\u0142 przepisami ustawy z\u00a0dnia 29 lipca 2005 r. o\u00a0przeciwdzia\u0142aniu przemocy w\u00a0rodzinie. Dzia\u0142ania korekcyjno-edukacyjne realizowane s\u0105 w\u00a0ramach strategii ukierunkowanych na\u00a0zmian\u0119 postaw i\u00a0zachowa\u0144 sprawc\u00f3w i\u00a0maj\u0105 na\u00a0celu zako\u0144czenie przemocy w\u00a0rodzinie. Istniej\u0105 r\u00f3\u017cne modele program\u00f3w dla sprawc\u00f3w: spo\u0142eczno-kulturowy, przemocy rozpatrywanej z\u00a0perspektywy systemu rodzinnego, przemocy rozpatrywanej z\u00a0perspektywy podej\u015bcia skoncentrowanego na\u00a0rozwi\u0105zaniu i\u00a0integracyjny.<\/span><\/p>\n<p style=\"text-align: left;\"><span style=\"font-family: arial, helvetica, sans-serif;\">Program korekcyjno-edukacyjny dla os\u00f3b stosuj\u0105cych przemoc w\u00a0rodzinie ma charakter programu terapeutycznego, nastawionego na\u00a0udzielenie pomocy psychologicznej osobom stosuj\u0105cym przemoc. Celem dzia\u0142a\u0144 korekcyjno-edukacyjnych jest zmiana zachowa\u0144 i\u00a0postaw sprawc\u00f3w przemocy w\u00a0rodzinie, a\u00a0tak\u017ce zwi\u0119kszenie zdolno\u015bci do samokontroli agresywnych zachowa\u0144. Uczestnicy rozwijaj\u0105 umiej\u0119tno\u015bci konstruktywnego wyra\u017cania uczu\u0107 i\u00a0rozwi\u0105zywania konflikt\u00f3w bez u\u017cycia agresji. Obecnie najcz\u0119\u015bciej stosowanym programem korekcyjno-edukacyjnym wobec sprawc\u00f3w przemocy jest tzw. program z\u00a0Duluth..<\/span><\/p>\n<p style=\"text-align: left;\"><span style=\"font-family: arial, helvetica, sans-serif;\"><b>CEL ODDZIA\u0141YWA\u0143 KOREKCYJNO \u2013 EDUKACYJNYCH WOBEC SPRAWC\u00d3W PRZEMOCY W RODZINIE:<\/b><\/span><\/p>\n<ul style=\"text-align: left;\">\n<li><span style=\"font-family: arial, helvetica, sans-serif;\">powstrzymania osoby stosuj\u0105cej przemoc w\u00a0rodzinie przed dalszym stosowaniem przemocy;<\/span><\/li>\n<li><span style=\"font-family: arial, helvetica, sans-serif;\">rozwijania umiej\u0119tno\u015bci samokontroli i\u00a0wsp\u00f3\u0142\u017cycia w\u00a0rodzinie;<\/span><\/li>\n<li><span style=\"font-family: arial, helvetica, sans-serif;\">kszta\u0142towania umiej\u0119tno\u015bci w\u00a0zakresie wychowywania dzieci bez u\u017cywania przemocy w\u00a0rodzinie;<\/span><\/li>\n<li><span style=\"font-family: arial, helvetica, sans-serif;\">uznania przez osob\u0119 stosuj\u0105c\u0105 przemoc w\u00a0rodzinie swojej odpowiedzialno\u015bci za stosowanie przemocy;<\/span><\/li>\n<li><span style=\"font-family: arial, helvetica, sans-serif;\">zdobycia i\u00a0poszerzenia wiedzy na\u00a0temat mechanizm\u00f3w powstawania przemocy w\u00a0rodzinie;<\/span><\/li>\n<li><span style=\"font-family: arial, helvetica, sans-serif;\">zdobycia umiej\u0119tno\u015bci komunikowania si\u0119 i\u00a0rozwi\u0105zywania konflikt\u00f3w w\u00a0rodzinie bez stosowania przemocy;<\/span><\/li>\n<li><span style=\"font-family: arial, helvetica, sans-serif;\">uzyskania informacji o\u00a0mo\u017cliwo\u015bciach podejmowania dzia\u0142a\u0144 terapeutycznych.<\/span><\/li>\n<\/ul>\n<p style=\"text-align: left;\"><span style=\"font-family: arial, helvetica, sans-serif;\"><b>ADRESACI PROGRAM\u00d3W KOREKCYJNO \u2013 EDUKACYJNYCH:<\/b><\/span><\/p>\n<ul style=\"text-align: justify;\">\n<li style=\"text-align: left;\"><span style=\"font-family: arial, helvetica, sans-serif;\">os\u00f3b skazanych za czyny zwi\u0105zane ze stosowaniem przemocy w\u00a0rodzinie, odbywaj\u0105cych kar\u0119 pozbawienia wolno\u015bci w\u00a0zak\u0142adach karnych albo wobec kt\u00f3rych s\u0105d warunkowo zawiesi\u0142 wykonanie kary, zobowi\u0105zuj\u0105c je do uczestnictwa w\u00a0oddzia\u0142ywaniach korekcyjno-edukacyjnych;<\/span><\/li>\n<li style=\"text-align: left;\"><span style=\"font-family: arial, helvetica, sans-serif;\">os\u00f3b stosuj\u0105cych przemoc w\u00a0rodzinie, kt\u00f3re uczestnicz\u0105 w\u00a0terapii leczenia uzale\u017cnienia od alkoholu lub narkotyk\u00f3w, lub innych \u015brodk\u00f3w odurzaj\u0105cych, substancji psychotropowych albo \u015brodk\u00f3w zast\u0119pczych, dla kt\u00f3rych oddzia\u0142ywania korekcyjno-edukacyjne mog\u0105 stanowi\u0107 uzupe\u0142nienie podstawowej terapii;<\/span><\/li>\n<li style=\"text-align: left;\"><span style=\"font-family: arial, helvetica, sans-serif;\">os\u00f3b, kt\u00f3re w\u00a0wyniku innych okoliczno\u015bci zg\u0142osz\u0105 si\u0119 do uczestnictwa w\u00a0programie korekcyjno-edukacyjnym.<\/span><\/li>\n<\/ul>\n","protected":false},"excerpt":{"rendered":"<p>OSOBY STOSUJ\u0104CE PRZEMOC W RODZINIE Trudno jest nakre\u015bli\u0107 portret osoby stosuj\u0105cej przemoc. Post\u0119powanie sprawc\u00f3w cz\u0119sto bywa wspierane przez czynniki kulturowe, w\u00a0wielu przypadkach przemoc jest zwi\u0105zana z\u00a0nietrze\u017awo\u015bci\u0105 sprawc\u00f3w, ale alkohol nie powinien by\u0107 obarczony bezpo\u015bredni\u0105 i\u00a0wy\u0142\u0105czn\u0105 odpowiedzialno\u015bci\u0105 za przemoc, nie jest przyczyn\u0105, ale mo\u017ce wp\u0142ywa\u0107 na\u00a0przemoc poprzez wzmacnianie czynnik\u00f3w ryzyka i\u00a0pot\u0119gowanie ich dzia\u0142ania, chocia\u017c nie jest [&hellip;]<\/p>\n","protected":false},"author":6,"featured_media":0,"parent":2,"menu_order":4,"comment_status":"closed","ping_status":"closed","template":"","meta":{"footnotes":""},"class_list":["post-14","page","type-page","status-publish","hentry"],"_links":{"self":[{"href":"https:\/\/rops-bialystok.pl\/ppwr\/index.php?rest_route=\/wp\/v2\/pages\/14","targetHints":{"allow":["GET"]}}],"collection":[{"href":"https:\/\/rops-bialystok.pl\/ppwr\/index.php?rest_route=\/wp\/v2\/pages"}],"about":[{"href":"https:\/\/rops-bialystok.pl\/ppwr\/index.php?rest_route=\/wp\/v2\/types\/page"}],"author":[{"embeddable":true,"href":"https:\/\/rops-bialystok.pl\/ppwr\/index.php?rest_route=\/wp\/v2\/users\/6"}],"replies":[{"embeddable":true,"href":"https:\/\/rops-bialystok.pl\/ppwr\/index.php?rest_route=%2Fwp%2Fv2%2Fcomments&post=14"}],"version-history":[{"count":9,"href":"https:\/\/rops-bialystok.pl\/ppwr\/index.php?rest_route=\/wp\/v2\/pages\/14\/revisions"}],"predecessor-version":[{"id":1212,"href":"https:\/\/rops-bialystok.pl\/ppwr\/index.php?rest_route=\/wp\/v2\/pages\/14\/revisions\/1212"}],"up":[{"embeddable":true,"href":"https:\/\/rops-bialystok.pl\/ppwr\/index.php?rest_route=\/wp\/v2\/pages\/2"}],"wp:attachment":[{"href":"https:\/\/rops-bialystok.pl\/ppwr\/index.php?rest_route=%2Fwp%2Fv2%2Fmedia&parent=14"}],"curies":[{"name":"wp","href":"https:\/\/api.w.org\/{rel}","templated":true}]}}