{"id":23,"date":"2012-07-20T21:48:41","date_gmt":"2012-07-20T19:48:41","guid":{"rendered":"http:\/\/www.rops-bialystok.pl\/ppwr\/?page_id=23"},"modified":"2023-07-07T14:34:15","modified_gmt":"2023-07-07T12:34:15","slug":"zadania-sluzb-i-instytucji","status":"publish","type":"page","link":"https:\/\/rops-bialystok.pl\/ppwr\/?page_id=23","title":{"rendered":"Zadania s\u0142u\u017cb i instytucji"},"content":{"rendered":"<p style=\"text-align: left;\" align=\"center\"><span style=\"font-family: arial, helvetica, sans-serif; font-size: 18px;\"><b>KOMPETENCJE S\u0141U\u017bB I INSTYTUCJI<\/b><\/span><\/p>\n<p style=\"text-align: left;\"><span style=\"font-family: arial, helvetica, sans-serif; font-size: 16px;\"><b><span style=\"text-decoration: underline;\">ZESP\u00d3\u0141 INTERDYSCYPLINARNY TO PRZEDSTAWICIELE:<\/span><\/b><\/span><\/p>\n<ul style=\"text-align: left;\">\n<li><span style=\"font-family: arial, helvetica, sans-serif; font-size: 12px;\">jednostek organizacyjnych pomocy spo\u0142ecznej,<\/span><\/li>\n<li><span style=\"font-family: arial, helvetica, sans-serif; font-size: 12px;\">gminnej komisji rozwi\u0105zywania problem\u00f3w alkoholowych,<\/span><\/li>\n<li><span style=\"font-family: arial, helvetica, sans-serif; font-size: 12px;\">Policji,<\/span><\/li>\n<li><span style=\"font-family: arial, helvetica, sans-serif; font-size: 12px;\">o\u015bwiaty,<\/span><\/li>\n<li><span style=\"font-family: arial, helvetica, sans-serif; font-size: 12px;\">ochrony zdrowia,<\/span><\/li>\n<li><span style=\"font-family: arial, helvetica, sans-serif; font-size: 12px;\">organizacji pozarz\u0105dowych,<\/span><\/li>\n<li><span style=\"font-family: arial, helvetica, sans-serif; font-size: 12px;\">oraz kuratorzy s\u0105dowi.<\/span><\/li>\n<\/ul>\n<p style=\"text-align: left;\"><span style=\"font-family: arial, helvetica, sans-serif; font-size: 12px;\">Ponadto w sk\u0142ad zespo\u0142u mog\u0105 wchodzi\u0107 prokuratorzy oraz przedstawiciele innych ni\u017c w\/w podmiot\u00f3w dzia\u0142aj\u0105cych na rzecz przeciwdzia\u0142ania przemocy w rodzinie, w zale\u017cno\u015bci od uwarunkowa\u0144 i mo\u017cliwo\u015bci lokalnych.<\/span><\/p>\n<p style=\"text-align: left;\"><span style=\"font-family: arial, helvetica, sans-serif; font-size: 12px;\">\u00a0<\/span><\/p>\n<p style=\"text-align: left;\" align=\"center\"><span style=\"font-family: arial, helvetica, sans-serif; font-size: 16px;\"><b><span style=\"text-decoration: underline;\">ZADANIA POSZCZEG\u00d3LNYCH INSTYTUCJI W RAMACH PROCEDURY \u201eNIEBIESKIE KARTY\u201d<\/span><\/b><\/span><\/p>\n<p style=\"text-align: left;\"><span style=\"font-family: arial, helvetica, sans-serif; font-size: 14px;\"><b>POMOC SPO\u0141ECZNA<\/b><\/span><\/p>\n<ol>\n<li style=\"text-align: left;\"><span style=\"font-family: arial, helvetica, sans-serif; font-size: 12px;\">diagnozuje sytuacj\u0119 i potrzeby osoby, co do kt\u00f3rej istnieje podejrzenie, \u017ce jest dotkni\u0119ta przemoc\u0105 w rodzinie;<\/span><\/li>\n<li style=\"text-align: left;\"><span style=\"font-family: arial, helvetica, sans-serif; font-size: 12px;\">udziela kompleksowych informacji o:<\/span>\n<ul style=\"text-align: left;\">\n<li style=\"text-align: left;\"><span style=\"font-family: arial, helvetica, sans-serif; font-size: 12px;\">mo\u017cliwo\u015bciach uzyskania pomocy, w szczeg\u00f3lno\u015bci psychologicznej, prawnej, socjalnej i pedagogicznej, oraz wsparcia, w tym o instytucjach i podmiotach \u015bwiadcz\u0105cych specjalistyczn\u0105 pomoc na rzecz os\u00f3b dotkni\u0119tych przemoc\u0105 w rodzinie,<\/span><\/li>\n<li style=\"text-align: left;\"><span style=\"font-family: arial, helvetica, sans-serif; font-size: 12px;\">formach pomocy dzieciom doznaj\u0105cym przemocy w rodzinie oraz o instytucjach i podmiotach \u015bwiadcz\u0105cych t\u0119 pomoc,<\/span><\/li>\n<li style=\"text-align: left;\"><span style=\"font-family: arial, helvetica, sans-serif; font-size: 12px;\">mo\u017cliwo\u015bciach podj\u0119cia dalszych dzia\u0142a\u0144 maj\u0105cych na celu popraw\u0119 sytuacji osoby, co do kt\u00f3rej istnieje podejrzenie, \u017ce jest dotkni\u0119ta przemoc\u0105 w rodzinie;<\/span><\/li>\n<li style=\"text-align: left;\"><span style=\"font-family: arial, helvetica, sans-serif; font-size: 12px;\">organizuje niezw\u0142ocznie dost\u0119p do pomocy medycznej, je\u017celi wymaga tego stan zdrowia osoby, co do kt\u00f3rej istnieje podejrzenie, \u017ce jest dotkni\u0119ta przemoc\u0105 w rodzinie;<\/span><\/li>\n<li style=\"text-align: left;\"><span style=\"font-family: arial, helvetica, sans-serif; font-size: 12px;\">zapewnia osobie, co do kt\u00f3rej istnieje podejrzenie, \u017ce jest dotkni\u0119ta przemoc\u0105 w rodzinie, w zale\u017cno\u015bci od potrzeb, schronienie w ca\u0142odobowej plac\u00f3wce \u015bwiadcz\u0105cej pomoc, w tym w szczeg\u00f3lno\u015bci w specjalistycznym o\u015brodku wsparcia dla ofiar przemocy w rodzinie;<\/span><\/li>\n<li style=\"text-align: left;\"><span style=\"font-family: arial, helvetica, sans-serif; font-size: 12px;\">mo\u017ce prowadzi\u0107 rozmowy z osobami, wobec kt\u00f3rych istnieje podejrzenie, \u017ce stosuj\u0105 przemoc w rodzinie, na temat konsekwencji stosowania przemocy w rodzinie oraz informuje te osoby o mo\u017cliwo\u015bciach podj\u0119cia leczenia lub terapii i udziale w programach oddzia\u0142ywa\u0144 korekcyjno-edukacyjnych dla os\u00f3b stosuj\u0105cych przemoc w rodzinie.<\/span><\/li>\n<\/ul>\n<\/li>\n<\/ol>\n<p style=\"text-align: left;\"><span style=\"font-family: arial, helvetica, sans-serif; font-size: 12px;\"><b>\u00a0<\/b><\/span><\/p>\n<p style=\"text-align: left;\"><span style=\"font-family: arial, helvetica, sans-serif; font-size: 14px;\"><b>GMINNE KOMISJE ROZWI\u0104ZYWANIA PROBLEM\u00d3W ALKOHOLOWYCH<\/b><\/span><\/p>\n<ol>\n<li style=\"text-align: left;\"><span style=\"font-family: arial, helvetica, sans-serif; font-size: 12px;\">diagnozuje sytuacj\u0119 i potrzeby osoby, co do kt\u00f3rej istnieje podejrzenie, \u017ce jest dotkni\u0119ta przemoc\u0105 w rodzinie;<\/span><\/li>\n<li style=\"text-align: left;\"><span style=\"font-family: arial, helvetica, sans-serif; font-size: 12px;\">udziela kompleksowych informacji o:<\/span>\n<ol type=\"a\">\n<li style=\"text-align: left;\"><span style=\"font-family: arial, helvetica, sans-serif; font-size: 12px;\">mo\u017cliwo\u015bciach uzyskania pomocy, w szczeg\u00f3lno\u015bci psychologicznej, prawnej, socjalnej i pedagogicznej, oraz wsparcia, w tym o instytucjach i podmiotach \u015bwiadcz\u0105cych specjalistyczn\u0105 pomoc na rzecz os\u00f3b dotkni\u0119tych przemoc\u0105 w rodzinie,<\/span><\/li>\n<li style=\"text-align: left;\"><span style=\"font-family: arial, helvetica, sans-serif; font-size: 12px;\">formach pomocy dzieciom doznaj\u0105cym przemocy w rodzinie oraz o instytucjach i podmiotach \u015bwiadcz\u0105cych t\u0119 pomoc,<\/span><\/li>\n<li style=\"text-align: left;\"><span style=\"font-family: arial, helvetica, sans-serif; font-size: 12px;\">mo\u017cliwo\u015bciach podj\u0119cia dalszych dzia\u0142a\u0144 maj\u0105cych na celu popraw\u0119 sytuacji osoby, co do kt\u00f3rej istnieje podejrzenie, \u017ce jest dotkni\u0119ta przemoc\u0105 w rodzinie;<\/span><\/li>\n<\/ol>\n<\/li>\n<li style=\"text-align: left;\"><span style=\"font-family: arial, helvetica, sans-serif; font-size: 12px;\">organizuje niezw\u0142ocznie dost\u0119p do pomocy medycznej, je\u017celi wymaga tego stan zdrowia osoby, co do kt\u00f3rej istnieje podejrzenie, \u017ce jest dotkni\u0119ta przemoc\u0105 w rodzinie;<\/span><\/li>\n<li style=\"text-align: left;\"><span style=\"font-family: arial, helvetica, sans-serif; font-size: 12px;\">mo\u017ce prowadzi\u0107 rozmowy z osobami, wobec kt\u00f3rych istnieje podejrzenie, \u017ce stosuj\u0105 przemoc w rodzinie, na temat konsekwencji stosowania przemocy w rodzinie oraz informuje te osoby o mo\u017cliwo\u015bciach podj\u0119cia leczenia lub terapii i udziale w programach oddzia\u0142ywa\u0144 korekcyjno-edukacyjnych dla os\u00f3b stosuj\u0105cych przemoc w rodzinie.<\/span><\/li>\n<\/ol>\n<p><span style=\"font-family: arial, helvetica, sans-serif; font-size: 12px;\">\u00a0<\/span><br \/>\n<span style=\"font-family: arial, helvetica, sans-serif; font-size: 14px;\"><b>POLICJA<\/b><\/span><\/p>\n<ol>\n<li style=\"text-align: left;\"><span style=\"font-family: arial, helvetica, sans-serif;\"><span style=\"font-size: 12px;\">udziela osobie, co do kt\u00f3rej istnieje podejrzenie, \u017ce jest dotkni\u0119ta przemoc\u0105 <\/span><span style=\"font-size: 12px;\">w rodzinie, niezb\u0119dnej pomocy, w tym udziela pierwszej pomocy;<\/span><\/span><\/li>\n<li style=\"text-align: left;\"><span style=\"font-family: arial, helvetica, sans-serif; font-size: 12px;\">organizuje niezw\u0142ocznie dost\u0119p do pomocy medycznej, je\u017celi wymaga tego stan zdrowia osoby, co do kt\u00f3rej istnieje podejrzenie, \u017ce jest dotkni\u0119ta przemoc\u0105 w rodzinie;<\/span><\/li>\n<li style=\"text-align: left;\"><span style=\"font-family: arial, helvetica, sans-serif; font-size: 12px;\">podejmuje, w razie potrzeby, inne niezb\u0119dne czynno\u015bci zapewniaj\u0105ce ochron\u0119 \u017cycia, zdrowia i mienia os\u00f3b, co do kt\u00f3rych istnieje podejrzenie, \u017ce s\u0105 dotkni\u0119te przemoc\u0105 w rodzinie, w\u0142\u0105cznie z zastosowaniem na podstawie odr\u0119bnych przepis\u00f3w w stosunku do osoby, wobec kt\u00f3rej istnieje podejrzenie, \u017ce stosuje przemoc w rodzinie, \u015brodk\u00f3w przymusu bezpo\u015bredniego i zatrzymania;<\/span><\/li>\n<li style=\"text-align: left;\"><span style=\"font-family: arial, helvetica, sans-serif; font-size: 12px;\">przeprowadza, o ile jest to mo\u017cliwe, z osob\u0105, wobec kt\u00f3rej istnieje podejrzenie, \u017ce stosuje przemoc w rodzinie, rozmow\u0119, w szczeg\u00f3lno\u015bci o odpowiedzialno\u015bci karnej za zn\u0119canie si\u0119 fizyczne lub psychiczne nad osob\u0105 najbli\u017csz\u0105 lub inn\u0105 osob\u0105 pozostaj\u0105c\u0105 w sta\u0142ym lub przemijaj\u0105cym stosunku zale\u017cno\u015bci od osoby, wobec kt\u00f3rej istnieje podejrzenie, \u017ce stosuje przemoc w rodzinie, albo nad ma\u0142oletnim lub osob\u0105 nieporadn\u0105 ze wzgl\u0119du na jej stan psychiczny lub fizyczny, oraz wzywa osob\u0119, wobec kt\u00f3rej istnieje podejrzenie, \u017ce stosuje przemoc w rodzinie, do zachowania zgodnego z prawem i zasadami wsp\u00f3\u0142\u017cycia spo\u0142ecznego;<\/span><\/li>\n<li style=\"text-align: left;\"><span style=\"font-family: arial, helvetica, sans-serif; font-size: 12px;\">przeprowadza na miejscu zdarzenia, w przypadkach niecierpi\u0105cych zw\u0142oki, czynno\u015bci procesowe w niezb\u0119dnym zakresie, w granicach koniecznych do zabezpieczenia \u015blad\u00f3w i dowod\u00f3w przest\u0119pstwa;<\/span><\/li>\n<li style=\"text-align: left;\"><span style=\"font-family: arial, helvetica, sans-serif; font-size: 12px;\">podejmuje dzia\u0142ania maj\u0105ce na celu zapobieganie zagro\u017ceniom mog\u0105cym wyst\u0119powa\u0107 w rodzinie, w szczeg\u00f3lno\u015bci sk\u0142ada systematyczne wizyty sprawdzaj\u0105ce stan bezpiecze\u0144stwa osoby, co do kt\u00f3rej istnieje podejrzenie, \u017ce jest dotkni\u0119ta przemoc\u0105 w rodzinie, w zale\u017cno\u015bci od potrzeb okre\u015blonych przez zesp\u00f3\u0142 interdyscyplinarny lub grup\u0119 robocz\u0105<\/span><\/li>\n<\/ol>\n<p>&nbsp;<\/p>\n<p><span style=\"font-family: arial, helvetica, sans-serif; font-size: 14px;\"><b>O\u015aWIATA<\/b><\/span><\/p>\n<p style=\"text-align: left;\"><span style=\"font-family: arial, helvetica, sans-serif; font-size: 12px;\">O\u015bwiata obejmuje og\u00f3\u0142 instytucji (szko\u0142y, przedszkola, \u015bwietlice, plac\u00f3wki opieku\u0144cze, poradnie psychologiczno-pedagogiczne), kt\u00f3rych celem jest upowszechnienie wykszta\u0142cenia oraz realizowanie okre\u015blonych cel\u00f3w wychowawczych. Instytucje te poza podstawowym zadaniem kszta\u0142cenia dzieci i m\u0142odzie\u017cy m.in. zapewniaj\u0105 im opiek\u0119 poza rodzin\u0105 oraz maj\u0105c mo\u017cliwo\u015bci oddzia\u0142ywania na rodzic\u00f3w wspieraj\u0105 prowadzone przez nich dzia\u0142ania wychowawcze.<\/span><\/p>\n<p style=\"text-align: left;\"><span style=\"font-family: arial, helvetica, sans-serif; font-size: 12px;\">W ramach procedury przedstawiciel\u00a0 o\u015bwiaty:<\/span><\/p>\n<ol>\n<li style=\"text-align: left;\"><span style=\"font-family: arial, helvetica, sans-serif; font-size: 12px;\">udziela kompleksowych informacji o:<\/span>\n<ol type=\"a\">\n<li style=\"text-align: left;\"><span style=\"font-family: arial, helvetica, sans-serif; font-size: 12px;\">mo\u017cliwo\u015bciach uzyskania pomocy, w szczeg\u00f3lno\u015bci psychologicznej, prawnej, socjalnej i pedagogicznej, oraz wsparcia, w tym o instytucjach i podmiotach \u015bwiadcz\u0105cych specjalistyczn\u0105 pomoc na rzecz os\u00f3b dotkni\u0119tych przemoc\u0105 w rodzinie,<\/span><\/li>\n<li style=\"text-align: left;\"><span style=\"font-family: arial, helvetica, sans-serif; font-size: 12px;\">mo\u017cliwo\u015bciach podj\u0119cia dalszych dzia\u0142a\u0144 maj\u0105cych na celu popraw\u0119 sytuacji osoby, co do kt\u00f3rej istnieje podejrzenie, \u017ce jest dotkni\u0119ta przemoc\u0105 w rodzinie;<\/span><\/li>\n<\/ol>\n<\/li>\n<li style=\"text-align: left;\"><span style=\"font-family: arial, helvetica, sans-serif; font-size: 12px;\">organizuje niezw\u0142ocznie dost\u0119p do pomocy medycznej, je\u017celi wymaga tego stan zdrowia osoby, co do kt\u00f3rej istnieje podejrzenie, \u017ce jest dotkni\u0119ta przemoc\u0105 w rodzinie;<\/span><\/li>\n<li style=\"text-align: left;\"><span style=\"font-family: arial, helvetica, sans-serif; font-size: 12px;\">mo\u017ce prowadzi\u0107 rozmowy z osobami, wobec kt\u00f3rych istnieje podejrzenie, \u017ce stosuj\u0105 przemoc w rodzinie, na temat konsekwencji stosowania przemocy w rodzinie oraz informuje te osoby o mo\u017cliwo\u015bciach podj\u0119cia leczenia lub terapii i udziale w programach oddzia\u0142ywa\u0144 korekcyjno-edukacyjnych dla os\u00f3b stosuj\u0105cych przemoc w rodzinie;<\/span><\/li>\n<li style=\"text-align: left;\"><span style=\"font-family: arial, helvetica, sans-serif; font-size: 12px;\">diagnozuje sytuacj\u0119 i potrzeby osoby, co do kt\u00f3rej istnieje podejrzenie, \u017ce jest dotkni\u0119ta przemoc\u0105 w rodzinie, w tym w szczeg\u00f3lno\u015bci wobec dzieci;<\/span><\/li>\n<li style=\"text-align: left;\"><span style=\"font-family: arial, helvetica, sans-serif; font-size: 12px;\">udziela kompleksowych informacji rodzicowi, opiekunowi prawnemu, faktycznemu lub osobie najbli\u017cszej o mo\u017cliwo\u015bciach pomocy psychologicznej, prawnej, socjalnej\u00a0 pedagogicznej oraz wsparcia rodzinie, w tym o formach pomocy dzieciom \u015bwiadczonych przez instytucje i podmioty w zakresie specjalistycznej pomocy na rzecz os\u00f3b dotkni\u0119tych przemoc\u0105 w rodzinie.<\/span><\/li>\n<\/ol>\n<p style=\"text-align: left;\"><span style=\"font-family: arial, helvetica, sans-serif;\">Przewodniki na temat post\u0119powania w przypadkach przemocy w rodzinie dla pracownik\u00f3w o\u015bwiaty:<\/span><\/p>\n<p style=\"text-align: left;\"><span style=\"font-family: arial, helvetica, sans-serif;\"><a href=\"http:\/\/www.niebieskalinia.pl\/algorytmy\/dla-oswiaty\">http:\/\/www.niebieskalinia.pl\/algorytmy\/dla-oswiaty<\/a><\/span><\/p>\n<p style=\"text-align: left;\"><span style=\"font-family: arial, helvetica, sans-serif; font-size: 14px;\"><b>PRACOWNICY OCHRONY ZDROWIA<\/b><\/span><\/p>\n<p style=\"text-align: left;\"><span style=\"font-family: arial, helvetica, sans-serif; font-size: 12px;\">G\u0142\u00f3wnym zadaniem jest ochrona zdrowia pacjenta. Zjawisko przemocy domowej kwalifikuje si\u0119 do zakresu sytuacji obj\u0119tych \u015bwiadczeniami zdrowotnymi poniewa\u017c:<\/span><\/p>\n<ul style=\"text-align: left;\">\n<li><span style=\"font-family: arial, helvetica, sans-serif; font-size: 12px;\">bardzo cz\u0119sto towarzysz\u0105 mu wyra\u017ane uszkodzenia zdrowia somatycznego,<\/span><\/li>\n<li><span style=\"font-family: arial, helvetica, sans-serif; font-size: 12px;\">zawsze wyst\u0119puj\u0105 powa\u017cne uszkodzenia zdrowia psychicznego.<\/span><\/li>\n<\/ul>\n<p style=\"text-align: left;\"><span style=\"font-family: arial, helvetica, sans-serif; font-size: 12px;\">W dziedzinie pomocy osobom do\u015bwiadczaj\u0105cym przemocy w rodzinie, opr\u00f3cz zada\u0144 podstawowych, takich jak np. udzielenie pomocy medycznej, istotne jest:<\/span><\/p>\n<ul style=\"text-align: left;\">\n<li><span style=\"font-family: arial, helvetica, sans-serif; font-size: 12px;\">rozpoznanie sygna\u0142\u00f3w \u015bwiadcz\u0105cych o wyst\u0119powaniu przemocy, szczeg\u00f3lnie gdy ofiary b\u0105d\u017a \u015bwiadkowie pr\u00f3buj\u0105 to ukry\u0107,<\/span><\/li>\n<li><span style=\"font-family: arial, helvetica, sans-serif;\"><span style=\"font-size: 12px;\">umiej\u0119tno\u015b\u0107 przeprowadzenia rozmowy umo\u017cliwiaj\u0105cej rozpoznanie form przemocy <\/span><span style=\"font-size: 12px;\">i cz\u0119stotliwo\u015bci jej wyst\u0119powania,<\/span><\/span><\/li>\n<li><span style=\"font-family: arial, helvetica, sans-serif; font-size: 12px;\">wystawienie na pro\u015bb\u0119 poszkodowanych za\u015bwiadczenia lekarskiego o stwierdzonych obra\u017ceniach,<\/span><\/li>\n<li><span style=\"font-family: arial, helvetica, sans-serif; font-size: 12px;\">poinformowanie os\u00f3b doznaj\u0105cych przemocy w rodzinie o miejscach i warunkach wystawienia obdukcji,<\/span><\/li>\n<li><span style=\"font-family: arial, helvetica, sans-serif; font-size: 12px;\">w przypadku stwierdzenia lub podejrzenia podczas badania pope\u0142nienia przest\u0119pstwa, np. \u015blady ci\u0119\u017ckiego uszkodzenia cia\u0142a, \u015blady podejrzanych oparze\u0144, wykorzystania seksualnego \u2013 powiadomienie organ\u00f3w \u015bcigania,<\/span><\/li>\n<li><span style=\"font-family: arial, helvetica, sans-serif; font-size: 12px;\">udzia\u0142 w procedurze odebrania dziecka przez pracownika socjalnego w przypadku bezpo\u015bredniego zagro\u017cenia \u017cycia lub zdrowia dziecka w zwi\u0105zku z przemoc\u0105 w rodzinie (lekarz, ratownik medyczny, piel\u0119gniarka),<\/span><\/li>\n<li><span style=\"font-family: arial, helvetica, sans-serif; font-size: 12px;\">udzia\u0142 w zespo\u0142ach interdyscyplinarnych\u00a0 i grupach roboczych,<\/span><\/li>\n<li><span style=\"font-family: arial, helvetica, sans-serif; font-size: 12px;\">realizacja procedury \u201eNiebieskie Karty\u201d. Pracownikiem ochrony zdrowia uprawnionym do realizacji procedury jest osoba, wykonuj\u0105ca zaw\u00f3d medyczny, w tym lekarz, piel\u0119gniarka, po\u0142o\u017cna i ratownik medyczny. Dzia\u0142ania pracownika ochrony zdrowia<\/span><\/li>\n<li><span style=\"font-family: arial, helvetica, sans-serif; font-size: 12px;\">w ramach procedury uzale\u017cnione s\u0105 od rodzaju diagnostyki oraz konieczno\u015bci terapii pacjenta.<\/span><\/li>\n<\/ul>\n<p style=\"text-align: left;\"><span style=\"font-family: arial, helvetica, sans-serif; font-size: 12px;\">W ramach procedury przedstawiciel\u00a0 ochrony zdrowia ka\u017cdorazowo udziela pacjentowi, co do kt\u00f3rego istnieje podejrzenie, \u017ce jest dotkni\u0119ty przemoc\u0105 w rodzinie, informacji o mo\u017cliwo\u015bciach uzyskania pomocy i wsparcia oraz o uprawnieniu do uzyskania bezp\u0142atnego za\u015bwiadczenia o ustaleniu przyczyn i rodzaju uszkodze\u0144 cia\u0142a zwi\u0105zanych z u\u017cyciem przemocy w rodzinie.<br \/>\n<\/span><\/p>\n<p style=\"text-align: left;\"><span style=\"font-family: arial, helvetica, sans-serif; font-size: 14px;\"><b>PIEL\u0118GNIARKA SZKOLNA:<\/b><\/span><\/p>\n<ul style=\"text-align: left;\">\n<li><span style=\"font-family: arial, helvetica, sans-serif; font-size: 12px;\">gdy zauwa\u017cy \u015blady przemocy na ciele dziecka (siniaki, wybroczyny) opisuje je w karcie zdrowia dziecka (mog\u0105 by\u0107 dowodami w sprawie),<\/span><\/li>\n<li><span style=\"font-family: arial, helvetica, sans-serif; font-size: 12px;\">przekazuje swoje podejrzenia innym pracownikom szko\u0142y (pedagog, psycholog, wychowawca, dyrektor),<\/span><\/li>\n<li><span style=\"font-family: arial, helvetica, sans-serif; font-size: 12px;\">wszczyna procedur\u0119 \u201eNiebieskie Karty\u201d .<\/span><\/li>\n<\/ul>\n<p style=\"text-align: left;\"><span style=\"font-family: arial, helvetica, sans-serif; font-size: 12px;\">Sygna\u0142y mog\u0105ce wskazywa\u0107, \u017ce istnieje prawdopodobie\u0144stwo wyst\u0119powania przemocy<\/span><br \/>\n<span style=\"font-family: arial, helvetica, sans-serif; font-size: 12px;\"> w rodzinie, w sytuacji zg\u0142oszenia uraz\u00f3w u dzieci poni\u017cej 3 roku \u017cycia:<\/span><\/p>\n<ul style=\"text-align: left;\">\n<li><span style=\"font-family: arial, helvetica, sans-serif; font-size: 12px;\">wyst\u0105pi\u0142a niewyt\u0142umaczalna zw\u0142oka w zg\u0142oszeniu si\u0119 do lekarza,<\/span><\/li>\n<li><span style=\"font-family: arial, helvetica, sans-serif; font-size: 12px;\">informacje zawarte w wywiadzie s\u0105 ma\u0142o wiarygodne (budz\u0105 w\u0105tpliwo\u015bci),<\/span><\/li>\n<li><span style=\"font-family: arial, helvetica, sans-serif; font-size: 12px;\">stwierdza si\u0119 zmiany wskazuj\u0105ce na urazy nieprzypadkowe,<\/span><\/li>\n<li><span style=\"font-family: arial, helvetica, sans-serif; font-size: 12px;\">zachowanie dziecka nie jest adekwatne do bada\u0144.<\/span><\/li>\n<\/ul>\n<p style=\"text-align: left;\"><span style=\"font-family: arial, helvetica, sans-serif; font-size: 12px;\">W przypadku obra\u017ce\u0144 cia\u0142a osoby doros\u0142ej lub starszego dziecka, przemoc w rodzinie mo\u017cemy podejrzewa\u0107 je\u017celi:<\/span><\/p>\n<ul style=\"text-align: left;\">\n<li><span style=\"font-family: arial, helvetica, sans-serif; font-size: 12px;\">mamy w\u0105tpliwo\u015bci co do prawdziwo\u015bci podawanych przez pacjenta przyczyn obra\u017ce\u0144.<\/span><\/li>\n<li><span style=\"font-family: arial, helvetica, sans-serif; font-size: 12px;\">sytuacje, gdy obserwowane obra\u017cenia cia\u0142a u pacjenta powtarzaj\u0105 si\u0119.<\/span><\/li>\n<li><span style=\"font-family: arial, helvetica, sans-serif; font-size: 12px;\">pacjent zg\u0142asza si\u0119 na leczenie zawsze sam, nikt mu nie towarzyszy lub przeciwnie podczas ca\u0142ej procedury medycznej towarzyszy mu inny cz\u0142onek rodziny.<\/span><\/li>\n<li><span style=\"font-family: arial, helvetica, sans-serif; font-size: 12px;\">pacjent unika opowiadania o zdarzeniu, kt\u00f3re wywo\u0142a\u0142o obra\u017cenia, nie patrzy w oczy.<\/span><\/li>\n<\/ul>\n<p style=\"text-align: left;\"><span style=\"font-family: arial, helvetica, sans-serif;\">Przewodniki na temat post\u0119powania w przypadkach przemocy w rodzinie dla pracownik\u00f3w ochrony zdrowia:<\/span><\/p>\n<p style=\"text-align: left;\"><span style=\"font-family: arial, helvetica, sans-serif;\"><a href=\"http:\/\/www.niebieskalinia.pl\/algorytmy\/dla-ochrony-zdrowia\">http:\/\/www.niebieskalinia.pl\/algorytmy\/dla-ochrony-zdrowia<\/a><\/span><\/p>\n<p style=\"text-align: left;\"><span style=\"font-family: arial, helvetica, sans-serif;\">Za\u015bwiadczenie lekarskie o przyczynach i rodzaju uszkodze\u0144 cia\u0142a zwi\u0105zanych z u\u017cyciem przemocy w rodzinie:<\/span><\/p>\n<p style=\"text-align: left;\"><span style=\"font-family: arial, helvetica, sans-serif;\"><a href=\"http:\/\/www.niebieskalinia.pl\/serwis-prawny\/akty-prawne\/rozporzadzenia\/64-niebieska-karta\">http:\/\/www.niebieskalinia.pl\/serwis-prawny\/akty-prawne\/rozporzadzenia\/64-niebieska-karta<\/a><\/span><\/p>\n<p style=\"text-align: left;\"><span style=\"font-size: 14px; font-family: arial, helvetica, sans-serif;\"><b>PROKURATURA<\/b><\/span><\/p>\n<p style=\"text-align: left;\"><span style=\"font-family: arial, helvetica, sans-serif; font-size: 12px;\">Z punktu widzenia prawa przemoc w rodzinie to przest\u0119pstwo, kt\u00f3rego odmiany okre\u015blone s\u0105 w r\u00f3\u017cnych aktach prawnych i odpowiednio karane. W polskim kodeksie karnym nie istnieje jedno przest\u0119pstwo o nazwie \u201eprzemoc w rodzinie\u201d, ale wymienionych jest szereg przest\u0119pstw, kt\u00f3re mog\u0105 zosta\u0107 pope\u0142nione z jej u\u017cyciem. Najcz\u0119\u015bciej w przypadku przemocy w rodzinie stosowany jest artyku\u0142 207 \u00a7 1 k.k. \u201eKto zn\u0119ca si\u0119 fizycznie lub psychicznie nad osob\u0105 najbli\u017csz\u0105 lub nad inn\u0105 osob\u0105 pozostaj\u0105c\u0105 w sta\u0142ym lub przemijaj\u0105cym stosunku zale\u017cno\u015bci od sprawcy albo nad ma\u0142oletnim lub osob\u0105 nieporadn\u0105 ze wzgl\u0119du na jej stan psychiczny lub fizyczny\u2026\u201d\u00a0 przewiduje kar\u0119 pozbawienia wolno\u015bci od 3 miesi\u0119cy do lat 5. Prokuratorzy mog\u0105 wchodzi\u0107 w sk\u0142ad zespo\u0142\u00f3w interdyscyplinarnych \/na zasadzie fakultatywno\u015bci\/.<\/span><\/p>\n<p style=\"text-align: left;\"><span style=\"font-family: arial, helvetica, sans-serif;\"><span style=\"font-size: 12px;\">Poni\u017csza tabela przedstawia rodzaj przest\u0119pstw zwi\u0105zanych ze stosowaniem przemocy <\/span><span style=\"font-size: 12px;\">w rodzinie i tryby ich \u015bcigania. Wyr\u00f3\u017cniamy:<\/span><\/span><\/p>\n<ul style=\"text-align: left;\">\n<li><span style=\"font-family: arial, helvetica, sans-serif; font-size: 12px;\"><b>tryb publicznoskargowy<\/b>, a w nim czyny \u015bcigane:<\/span><\/li>\n<li><span style=\"font-family: arial, helvetica, sans-serif; font-size: 12px;\"><b>z urz\u0119du<\/b> \u2013 w tym przypadku organy \u015bcigania (Policja lub Prokuratura) zobowi\u0105zane s\u0105 po uzyskaniu informacji o podejrzeniu pope\u0142nienia przest\u0119pstwa niezw\u0142ocznie podj\u0105\u0107 dzia\u0142ania maj\u0105ce na celu wykrycie sprawcy i zebranie dowod\u00f3w jego winy,<\/span><\/li>\n<li><span style=\"font-family: arial, helvetica, sans-serif; font-size: 12px;\"><b>na wniosek<\/b> \u2013 organom \u015bcigania opr\u00f3cz informacji o przest\u0119pstwie potrzebna jest dodatkowa zgoda osoby pokrzywdzonej na podj\u0119cie czynno\u015bci, tzw. wniosek o \u015bciganie karne. Dotyczy to przest\u0119pstw np. w obszarze bardzo osobistych (intymnych) sfer \u017cycia lub sytuacji, gdy sprawca jest osob\u0105 najbli\u017csz\u0105 dla pokrzywdzonego;<\/span><\/li>\n<li><span style=\"font-family: arial, helvetica, sans-serif; font-size: 12px;\"><b>tryb prywatnoskargowy<\/b> \u2013 czyny \u015bcigane z oskar\u017cenia prywatnego \u2013 organ \u015bcigania sporz\u0105dza jedynie protok\u00f3\u0142 przyj\u0119cia ustnej skargi oraz \u2013 w razie potrzeby \u2013 zabezpiecza \u015blady i dowody pope\u0142nienia przest\u0119pstwa. Nast\u0119pnie skarga przekazywana jest do s\u0105du rejonowego w\u0142a\u015bciwego dla miejsca pope\u0142nienia przest\u0119pstwa. W sprawach z oskar\u017cenia prywatnego wszcz\u0119cie post\u0119powania s\u0105dowego jest uzale\u017cnione od wniesienia op\u0142at s\u0105dowych. Mo\u017cliwe jest zwolnienie z op\u0142at ze wzgl\u0119du na trudn\u0105 sytuacj\u0119 materialn\u0105 (w\u00f3wczas nale\u017cy z\u0142o\u017cy\u0107 wraz ze skarg\u0105 wniosek o zwolnienie z op\u0142at).<\/span><\/li>\n<\/ul>\n<table class=\" alignleft\" style=\"height: 1022px;\" width=\"648\">\n<tbody>\n<tr>\n<td colspan=\"2\" width=\"607\"><span style=\"font-family: arial, helvetica, sans-serif;\"><strong>Czyny \u015bcigane z oskar\u017cenia publicznego \u2013 z urz\u0119du <\/strong><\/span><\/td>\n<\/tr>\n<tr>\n<td width=\"103\"><span style=\"font-family: arial, helvetica, sans-serif;\">156 k.k.<\/span><\/td>\n<td width=\"504\"><span style=\"font-family: arial, helvetica, sans-serif;\">ci\u0119\u017cki uszczerbek na zdrowiu<\/span><\/td>\n<\/tr>\n<tr>\n<td width=\"103\"><span style=\"font-family: arial, helvetica, sans-serif;\">157 \u00a7 1 k.k.<\/span><\/td>\n<td width=\"504\"><span style=\"font-family: arial, helvetica, sans-serif;\">naruszenie czynno\u015bci narz\u0105du cia\u0142a lub spowodowanie rozstroju zdrowia innego ni\u017c okre\u015blonego w art. 156 \u00a7 1 k.k.<\/span><\/td>\n<\/tr>\n<tr>\n<td width=\"103\"><span style=\"font-family: arial, helvetica, sans-serif;\">157 \u00a7 2 i 3 k.k.<\/span><\/td>\n<td width=\"504\"><span style=\"font-family: arial, helvetica, sans-serif;\">naruszenie czynno\u015bci narz\u0105du cia\u0142a lub spowodowanie rozstroju zdrowia trwaj\u0105cego nie d\u0142u\u017cej ni\u017c 7 dni, nieumy\u015blne naruszenie czynno\u015bci narz\u0105du cia\u0142a lub spowodowanie rozstroju zdrowia innego ni\u017c okre\u015blonego w art. 156 \u00a7 1 k.k. oraz nieumy\u015blne naruszenie czynno\u015bci narz\u0105du cia\u0142a lub spowodowanie rozstroju zdrowia trwaj\u0105cego nie d\u0142u\u017cej ni\u017c 7 dni, je\u017celi pokrzywdzonym jest osoba najbli\u017csza zamieszkuj\u0105ca wsp\u00f3lnie ze sprawc\u0105<\/span><\/td>\n<\/tr>\n<tr>\n<td width=\"103\"><span style=\"font-family: arial, helvetica, sans-serif;\">160\u00a0 k.k.<\/span><\/td>\n<td width=\"504\"><span style=\"font-family: arial, helvetica, sans-serif;\">nara\u017cenie na bezpo\u015brednie niebezpiecze\u0144stwo utraty \u017cycia albo ci\u0119\u017ckiego uszczerbku na zdrowiu<\/span><\/td>\n<\/tr>\n<tr>\n<td width=\"103\"><span style=\"font-family: arial, helvetica, sans-serif;\">189 \u00a0 k.k.<\/span><\/td>\n<td width=\"504\"><span style=\"font-family: arial, helvetica, sans-serif;\">pozbawienie cz\u0142owieka wolno\u015bci<\/span><\/td>\n<\/tr>\n<tr>\n<td width=\"103\"><span style=\"font-family: arial, helvetica, sans-serif;\">191 \u00a7 1 \u00a0 k.k.<\/span><\/td>\n<td width=\"504\"><span style=\"font-family: arial, helvetica, sans-serif;\">zmuszanie przemoc\u0105 lub gro\u017ab\u0105 bezprawn\u0105 osoby do okre\u015blonego zachowania<\/span><\/td>\n<\/tr>\n<tr>\n<td width=\"103\"><span style=\"font-family: arial, helvetica, sans-serif;\">193 \u00a0 k.k.<\/span><\/td>\n<td width=\"504\"><span style=\"font-family: arial, helvetica, sans-serif;\">naruszenie miru domowego<\/span><\/td>\n<\/tr>\n<tr>\n<td width=\"103\"><span style=\"font-family: arial, helvetica, sans-serif;\">197 k.k.<\/span><\/td>\n<td width=\"504\"><span style=\"font-family: arial, helvetica, sans-serif;\">zgwa\u0142cenie<\/span><\/td>\n<\/tr>\n<tr>\n<td width=\"103\"><span style=\"font-family: arial, helvetica, sans-serif;\">198 \u00a0 k.k.<\/span><\/td>\n<td width=\"504\"><span style=\"font-family: arial, helvetica, sans-serif;\">czynno\u015b\u0107 seksualna z osob\u0105 bezradn\u0105<\/span><\/td>\n<\/tr>\n<tr>\n<td width=\"103\"><span style=\"font-family: arial, helvetica, sans-serif;\">199 \u00a0 k.k.<\/span><\/td>\n<td width=\"504\"><span style=\"font-family: arial, helvetica, sans-serif;\">czynno\u015b\u0107 seksualna przez nadu\u017cycie stosunku zale\u017cno\u015bci<\/span><\/td>\n<\/tr>\n<tr>\n<td width=\"103\"><span style=\"font-family: arial, helvetica, sans-serif;\">200 \u00a0 k.k.<\/span><\/td>\n<td width=\"504\"><span style=\"font-family: arial, helvetica, sans-serif;\">czynno\u015b\u0107 seksualna z ma\u0142oletnim poni\u017cej 15 roku \u017cycia; pornografia z udzia\u0142em ma\u0142oletniego<\/span><\/td>\n<\/tr>\n<tr>\n<td width=\"103\"><span style=\"font-family: arial, helvetica, sans-serif;\">201 \u00a0 k.k.<\/span><\/td>\n<td width=\"504\"><span style=\"font-family: arial, helvetica, sans-serif;\">kazirodztwo<\/span><\/td>\n<\/tr>\n<tr>\n<td width=\"103\"><span style=\"font-family: arial, helvetica, sans-serif;\"><strong>207 \u00a0 k.k. <\/strong><\/span><\/td>\n<td width=\"504\"><span style=\"font-family: arial, helvetica, sans-serif;\"><strong>zn\u0119canie si\u0119 <\/strong><\/span><\/td>\n<\/tr>\n<tr>\n<td width=\"103\"><span style=\"font-family: arial, helvetica, sans-serif;\">208 \u00a0 k.k.<\/span><\/td>\n<td width=\"504\"><span style=\"font-family: arial, helvetica, sans-serif;\">rozpijanie ma\u0142oletniego<\/span><\/td>\n<\/tr>\n<tr>\n<td width=\"103\"><span style=\"font-family: arial, helvetica, sans-serif;\">209 \u00a7 3 k.k.<\/span><\/td>\n<td width=\"504\"><span style=\"font-family: arial, helvetica, sans-serif;\">niealimentacja \u2013 je\u017celi pokrzywdzonemu przyznano odpowiednie \u015bwiadczenie rodzinne albo zaliczk\u0119 alimentacyjn\u0105<\/span><\/td>\n<\/tr>\n<tr>\n<td width=\"103\"><span style=\"font-family: arial, helvetica, sans-serif;\">210 \u00a0 k.k.<\/span><\/td>\n<td width=\"504\"><span style=\"font-family: arial, helvetica, sans-serif;\">porzucenie wbrew obowi\u0105zkowi troszczenia si\u0119 o ma\u0142oletniego poni\u017cej lat 15 albo<\/span><br \/>\n<span style=\"font-family: arial, helvetica, sans-serif;\">o osob\u0119 nieporadn\u0105 ze wzgl\u0119du na jej stan psychiczny lub fizyczny<\/span><\/td>\n<\/tr>\n<tr>\n<td width=\"103\"><span style=\"font-family: arial, helvetica, sans-serif;\">211 \u00a0 k.k.<\/span><\/td>\n<td width=\"504\"><span style=\"font-family: arial, helvetica, sans-serif;\">uprowadzenie ma\u0142oletniego lub nieporadnego<\/span><\/td>\n<\/tr>\n<tr>\n<td width=\"103\"><span style=\"font-family: arial, helvetica, sans-serif;\">276 \u00a0 k.k.<\/span><\/td>\n<td width=\"504\"><span style=\"font-family: arial, helvetica, sans-serif;\">zniszczenie, uszkodzenie, ukrycie lub usuni\u0119cie dokumentu<\/span><\/td>\n<\/tr>\n<\/tbody>\n<\/table>\n<table class=\" alignleft\" style=\"height: 427px;\" width=\"648\">\n<tbody>\n<tr>\n<td colspan=\"2\" width=\"608\"><span style=\"font-family: arial, helvetica, sans-serif;\"><strong>Czyny \u015bcigane z oskar\u017cenia publicznego \u2013 na wniosek <\/strong><\/span><\/td>\n<\/tr>\n<tr>\n<td width=\"104\"><span style=\"font-family: arial, helvetica, sans-serif;\">157 \u00a7 1 k.k.<\/span><\/td>\n<td width=\"504\"><span style=\"font-family: arial, helvetica, sans-serif;\">nieumy\u015blne naruszenie czynno\u015bci narz\u0105du cia\u0142a lub spowodowanie rozstroju zdrowia innego ni\u017c okre\u015blonego w art. 156 \u00a7 1 k.k., gdy sprawca jest osob\u0105 najbli\u017csz\u0105 dla pokrzywdzonego<\/span><\/td>\n<\/tr>\n<tr>\n<td width=\"104\"><span style=\"font-family: arial, helvetica, sans-serif;\">157 \u00a7 2 k.k.<\/span><\/td>\n<td width=\"504\"><span style=\"font-family: arial, helvetica, sans-serif;\">nieumy\u015blne naruszenie czynno\u015bci narz\u0105du cia\u0142a lub spowodowanie rozstroju zdrowia trwaj\u0105cego nie d\u0142u\u017cej ni\u017c 7 dni, gdy sprawca jest osob\u0105 najbli\u017csz\u0105 dla pokrzywdzonego<\/span><\/td>\n<\/tr>\n<tr>\n<td width=\"104\"><span style=\"font-family: arial, helvetica, sans-serif;\">190 k.k.<\/span><\/td>\n<td width=\"504\"><span style=\"font-family: arial, helvetica, sans-serif;\">gro\u017aba karalna<\/span><\/td>\n<\/tr>\n<tr>\n<td width=\"104\"><span style=\"font-family: arial, helvetica, sans-serif;\">190a k.k.<\/span><\/td>\n<td width=\"504\"><span style=\"font-family: arial, helvetica, sans-serif;\">uporczywe n\u0119kanie innej osoby lub osoby jej najbli\u017cszej, kt\u00f3re wzbudza u niej uzasadnione okoliczno\u015bciami poczucie zagro\u017cenia lub istotnie narusza jej prywatno\u015b\u0107<\/span><\/td>\n<\/tr>\n<tr>\n<td width=\"104\"><span style=\"font-family: arial, helvetica, sans-serif;\">191a k.k.<\/span><\/td>\n<td width=\"504\"><span style=\"font-family: arial, helvetica, sans-serif;\">utrwalanie wizerunku nagiej osoby lub osoby w \u00a0 trakcie czynno\u015bci seksualnej, przez u\u017cycie wobec niej przemocy, gro\u017aby bezprawnej lub podst\u0119pu, albo rozpowszechnianie wizerunku nagiej osoby lub w \u00a0 trakcie czynno\u015bci seksualnej bez jej zgody<\/span><\/td>\n<\/tr>\n<tr>\n<td width=\"104\"><span style=\"font-family: arial, helvetica, sans-serif;\">209 \u00a7 2 k.k.<\/span><\/td>\n<td width=\"504\"><span style=\"font-family: arial, helvetica, sans-serif;\">uporczywe uchylanie si\u0119 od obowi\u0105zku alimentacyjnego<\/span><\/td>\n<\/tr>\n<\/tbody>\n<\/table>\n<table class=\" alignleft\" style=\"height: 245px;\" width=\"648\">\n<tbody>\n<tr>\n<td colspan=\"2\" width=\"607\"><span style=\"font-family: arial, helvetica, sans-serif;\"><strong>Czyny \u00a0\u015bcigane z oskar\u017cenia prywatnego <\/strong><\/span><\/td>\n<\/tr>\n<tr>\n<td width=\"104\"><span style=\"font-family: arial, helvetica, sans-serif;\">212 k.k.<\/span><\/td>\n<td width=\"503\"><span style=\"font-family: arial, helvetica, sans-serif;\">pom\u00f3wienie<\/span><\/td>\n<\/tr>\n<tr>\n<td width=\"104\"><span style=\"font-family: arial, helvetica, sans-serif;\">216 k.k.<\/span><\/td>\n<td width=\"503\"><span style=\"font-family: arial, helvetica, sans-serif;\">zniewaga<\/span><\/td>\n<\/tr>\n<tr>\n<td width=\"104\"><span style=\"font-family: arial, helvetica, sans-serif;\">217 k.k.<\/span><\/td>\n<td width=\"503\"><span style=\"font-family: arial, helvetica, sans-serif;\">naruszenie \u00a0 nietykalno\u015bci cielesnej<\/span><\/td>\n<\/tr>\n<\/tbody>\n<\/table>\n<p style=\"text-align: left;\"><span style=\"font-family: arial, helvetica, sans-serif; font-size: 14px;\"><b>KURATORZY S\u0104DOWI:<\/b><\/span><\/p>\n<p style=\"text-align: left;\"><span style=\"font-family: arial, helvetica, sans-serif; font-size: 12px;\">Kuratorzy s\u0105dowi realizuj\u0105 okre\u015blone przez prawo zadania o charakterze wychowawczo-resocjalizacyjnym, diagnostycznym, profilaktycznym i kontrolnym, zwi\u0105zane z wykonywaniem orzecze\u0144 s\u0105du.<\/span><\/p>\n<p style=\"text-align: left;\"><span style=\"font-family: arial, helvetica, sans-serif;\"><span style=\"font-size: 12px;\">Kuratorzy s\u0105dowi wchodz\u0105 w sk\u0142ad zespo\u0142u interdyscyplinarnego oraz mog\u0105 wchodzi\u0107 <\/span><span style=\"font-size: 12px;\">w sk\u0142ad grup roboczych. Uwzgl\u0119dniaj\u0105c, \u017ce grupy robocze s\u0105 tworzone w celu rozwi\u0105zywania problem\u00f3w zwi\u0105zanych w wyst\u0105pieniem przemocy w rodzinie w indywidualnych przypadkach przewidziano udzia\u0142 fakultatywny kuratora, uzale\u017cniony od realizacji przez niego w tej rodzinie dozoru lub nadzoru.<\/span><\/span><\/p>\n<p style=\"text-align: left;\"><span style=\"font-family: arial, helvetica, sans-serif; font-size: 14px;\"><b>ORGANIZACJE POZARZ\u0104DOWE:<\/b><\/span><\/p>\n<p style=\"text-align: left;\"><span style=\"font-family: arial, helvetica, sans-serif;\"><span style=\"font-size: 12px;\">Organizacje pozarz\u0105dowe to s\u0105 g\u0142\u00f3wnie stowarzyszenia, fundacje, kluby. Informacja <\/span><span style=\"font-size: 12px;\">o dzia\u0142alno\u015bci lokalnych organizacji pozarz\u0105dowych powinna by\u0107 dost\u0119pna w ka\u017cdej gminie (urz\u0105d gminy, o\u015brodek pomocy spo\u0142ecznej), w przychodni, poradni, szkole, komisariacie, itp. Nale\u017cy j\u0105 r\u00f3wnie\u017c zamie\u015bci\u0107 w formularzu \u201eNiebieska Karta \u2013 B\u201d w tabeli dot. funkcjonuj\u0105cych lokalnych plac\u00f3wek udzielaj\u0105cych pomocy ofiarom przemocy w rodzinie.<\/span><\/span><\/p>\n<p style=\"text-align: left;\"><span style=\"font-family: arial, helvetica, sans-serif; font-size: 12px;\">W zakresie pomocy osobom doznaj\u0105cym przemocy organizacje pozarz\u0105dowe organizuj\u0105 telefony zaufania, punkty informacyjno \u2013 konsultacyjne, o\u015brodki pomocy, schroniska, hostele, \u015bwietlice dla dzieci.<\/span><\/p>\n<p style=\"text-align: left;\"><span style=\"font-family: arial, helvetica, sans-serif; font-size: 12px;\">W ramach swojej dzia\u0142alno\u015bci oferuj\u0105, m.in.:<\/span><\/p>\n<ul>\n<li style=\"text-align: left;\"><span style=\"font-family: arial, helvetica, sans-serif; font-size: 12px;\">pomoc psychologiczn\u0105, w grupie i kontakcie indywidualnym,<\/span><\/li>\n<li style=\"text-align: left;\"><span style=\"font-family: arial, helvetica, sans-serif; font-size: 12px;\">pomoc prawn\u0105, w tym pisanie pozw\u00f3w, wniosk\u00f3w,<\/span><\/li>\n<li style=\"text-align: left;\"><span style=\"font-family: arial, helvetica, sans-serif; font-size: 12px;\">pomoc socjaln\u0105,<\/span><\/li>\n<li style=\"text-align: left;\"><span style=\"font-family: arial, helvetica, sans-serif; font-size: 12px;\">grupy wsparcia,<\/span><\/li>\n<li style=\"text-align: left;\"><span style=\"font-family: arial, helvetica, sans-serif; font-size: 12px;\">grupy samopomocowe,<\/span><\/li>\n<li style=\"text-align: left;\"><span style=\"font-family: arial, helvetica, sans-serif; font-size: 12px;\">pomoc socjoterapeutyczn\u0105 dla dzieci,<\/span><\/li>\n<li style=\"text-align: left;\"><span style=\"font-family: arial, helvetica, sans-serif; font-size: 12px;\">udzia\u0142 w prowadzeniu wywiad\u00f3w \u015brodowiskowych,<\/span><\/li>\n<li style=\"text-align: left;\"><span style=\"font-family: arial, helvetica, sans-serif; font-size: 12px;\">udzia\u0142 w pracach zespo\u0142\u00f3w interdyscyplinarnych,<\/span><\/li>\n<li style=\"text-align: left;\"><span style=\"font-family: arial, helvetica, sans-serif; font-size: 12px;\">udzia\u0142 w interwencjach,<\/span><\/li>\n<li style=\"text-align: left;\"><span style=\"font-family: arial, helvetica, sans-serif; font-size: 12px;\">monitorowanie przypadk\u00f3w,<\/span><\/li>\n<li style=\"text-align: left;\"><span style=\"font-family: arial, helvetica, sans-serif;\"><span style=\"font-size: 12px;\">pomoc w za\u0142atwianiu spraw urz\u0119dowych i innych.<\/span><span style=\"font-size: 12px;\"><br \/>\n<\/span><\/span><\/li>\n<\/ul>\n","protected":false},"excerpt":{"rendered":"<p>KOMPETENCJE S\u0141U\u017bB I INSTYTUCJI ZESP\u00d3\u0141 INTERDYSCYPLINARNY TO PRZEDSTAWICIELE: jednostek organizacyjnych pomocy spo\u0142ecznej, gminnej komisji rozwi\u0105zywania problem\u00f3w alkoholowych, Policji, o\u015bwiaty, ochrony zdrowia, organizacji pozarz\u0105dowych, oraz kuratorzy s\u0105dowi. Ponadto w sk\u0142ad zespo\u0142u mog\u0105 wchodzi\u0107 prokuratorzy oraz przedstawiciele innych ni\u017c w\/w podmiot\u00f3w dzia\u0142aj\u0105cych na rzecz przeciwdzia\u0142ania przemocy w rodzinie, w zale\u017cno\u015bci od uwarunkowa\u0144 i mo\u017cliwo\u015bci lokalnych. \u00a0 ZADANIA [&hellip;]<\/p>\n","protected":false},"author":6,"featured_media":0,"parent":0,"menu_order":2,"comment_status":"closed","ping_status":"closed","template":"","meta":{"footnotes":""},"class_list":["post-23","page","type-page","status-publish","hentry"],"_links":{"self":[{"href":"https:\/\/rops-bialystok.pl\/ppwr\/index.php?rest_route=\/wp\/v2\/pages\/23","targetHints":{"allow":["GET"]}}],"collection":[{"href":"https:\/\/rops-bialystok.pl\/ppwr\/index.php?rest_route=\/wp\/v2\/pages"}],"about":[{"href":"https:\/\/rops-bialystok.pl\/ppwr\/index.php?rest_route=\/wp\/v2\/types\/page"}],"author":[{"embeddable":true,"href":"https:\/\/rops-bialystok.pl\/ppwr\/index.php?rest_route=\/wp\/v2\/users\/6"}],"replies":[{"embeddable":true,"href":"https:\/\/rops-bialystok.pl\/ppwr\/index.php?rest_route=%2Fwp%2Fv2%2Fcomments&post=23"}],"version-history":[{"count":32,"href":"https:\/\/rops-bialystok.pl\/ppwr\/index.php?rest_route=\/wp\/v2\/pages\/23\/revisions"}],"predecessor-version":[{"id":1203,"href":"https:\/\/rops-bialystok.pl\/ppwr\/index.php?rest_route=\/wp\/v2\/pages\/23\/revisions\/1203"}],"wp:attachment":[{"href":"https:\/\/rops-bialystok.pl\/ppwr\/index.php?rest_route=%2Fwp%2Fv2%2Fmedia&parent=23"}],"curies":[{"name":"wp","href":"https:\/\/api.w.org\/{rel}","templated":true}]}}