{"id":898,"date":"2012-09-25T18:13:06","date_gmt":"2012-09-25T16:13:06","guid":{"rendered":"http:\/\/www.rops-bialystok.pl\/rops\/?page_id=898"},"modified":"2013-02-25T15:12:53","modified_gmt":"2013-02-25T14:12:53","slug":"swiadczenia-rodzinne","status":"publish","type":"page","link":"https:\/\/rops-bialystok.pl\/rops\/?page_id=898","title":{"rendered":"\u015awiadczenia rodzinne"},"content":{"rendered":"<h1><span style=\"color: #003366;\"><strong>\u015awiadczenia rodzinne<\/strong><\/span><\/h1>\n<p style=\"text-align: justify;\"><span style=\"font-size: 12px;\">Przepisy o koordynacji system\u00f3w zabezpieczenia spo\u0142ecznego zawieraj\u0105 regu\u0142y, dzi\u0119ki kt\u00f3rym osoby podejmuj\u0105ce prac\u0119 r\u00f3wnocze\u015bnie lub kolejno w kilku pa\u0144stwach cz\u0142onkowskich, unikaj\u0105 negatywnych nast\u0119pstw podlegania systemom zabezpieczenia spo\u0142ecznego r\u00f3\u017cnych pa\u0144stw. Zapewniaj\u0105 r\u00f3wne traktowanie ka\u017cdego obywatela Unii i daj\u0105 prawo do opieki lekarskiej, \u015bwiadcze\u0144 chorobowych, rodzinnych, emerytur czy rent. Wskazuj\u0105, w kt\u00f3rym kraju osoba pracuj\u0105ca lub prowadz\u0105ca dzia\u0142alno\u015b\u0107 za granic\u0105 podlega ubezpieczeniom spo\u0142ecznym. Gwarantuj\u0105, \u017ce \u015bwiadczenia nabyte w jednym pa\u0144stwie, np. emerytura, b\u0119d\u0105 wyp\u0142acane tak\u017ce, je\u015bli osoba uprawniona przeniesie si\u0119 do innego pa\u0144stwa.<\/span><\/p>\n<p style=\"text-align: justify;\"><span style=\"font-size: 12px;\">Instytucj\u0105 realizuj\u0105c\u0105 zadania z zakresu koordynacji system\u00f3w zabezpieczenia spo\u0142ecznego w odniesieniu do \u015bwiadcze\u0144 rodzinnych na poziomie samorz\u0105du wojew\u00f3dztwa podlaskiego jest Regionalny O\u015brodek Polityki Spo\u0142ecznej w Bia\u0142ymstoku. Podstaw\u0119 prawn\u0105 stanowi art. 21 ustawy z dnia 28 listopada 2003 r. o \u015bwiadczeniach rodzinnych (Dz. U. z 2003 r., Nr 228, poz. 2255 z p\u00f3\u017an. zm.). Nak\u0142ada ona na samorz\u0105d wojew\u00f3dztwa zadania z zakresu \u015bwiadcze\u0144 rodzinnych jako zadania zlecone z zakresu administracji rz\u0105dowej.<\/span><\/p>\n<p><span style=\"font-size: 12px;\">Do zada\u0144 tych nale\u017cy:<\/span><\/p>\n<p><span style=\"font-size: 12px;\">1. pe\u0142nienie funkcji instytucji w\u0142a\u015bciwej w zwi\u0105zku z udzia\u0142em Rzeczypospolitej Polskiej w koordynacji system\u00f3w zabezpieczenia spo\u0142ecznego w przypadku przemieszczania si\u0119 os\u00f3b w granicach Unii Europejskiej i Europejskiego Obszaru Gospodarczego;<\/span><\/p>\n<p><span style=\"font-size: 12px;\">2. wydawanie decyzji w sprawach \u015bwiadcze\u0144 rodzinnych realizowanych w zwi\u0105zku z koordynacj\u0105 system\u00f3w zabezpieczenia spo\u0142ecznego.<\/span><\/p>\n<p style=\"text-align: justify;\"><span style=\"font-size: 12px;\">Zasady koordynacji stosowane s\u0105 do obywateli kraj\u00f3w Unii Europejskiej (Austrii, Belgii, Bu\u0142garii, Cypru, Czech, Danii, Estonii, Finlandii, Francji, Grecji, Hiszpanii, Holandii, Irlandii, Litwy, Luksemburga, \u0141otwy, Malty, Niemiec, Polski, Portugalii, Rumunii, S\u0142owacji, S\u0142owenii, Szwecji, W\u0119gier, Wielkiej Brytanii, W\u0142och), Europejskiego Obszaru Gospodarczego (Islandii, Lichtensteinu, Norwegii) oraz Szwajcarii. Koordynacji podlegaj\u0105 pracownicy, osoby pracuj\u0105ce na w\u0142asny rachunek, bezrobotni, emeryci, renci\u015bci, studenci, a tak\u017ce cz\u0142onkowie rodzin wy\u017cej wymienionych os\u00f3b.<\/span><\/p>\n<ul>\n<li><span style=\"font-size: 12px;\"><a href=\"http:\/\/www.rops-bialystok.pl\/rops\/?p=918\">Wzory formularzy.<\/a><\/span><\/li>\n<li><span style=\"font-size: 12px;\"><a href=\"http:\/\/www.rops-bialystok.pl\/rops\/?p=926\">Procedury dotycz\u0105ce ubiegania si\u0119 o zagraniczna \u015bwiadczenia rodzinne. <\/a><\/span><\/li>\n<li><span style=\"font-size: 12px;\"><a href=\"http:\/\/www.rops-bialystok.pl\/rops\/?p=942\">Polskie instytucje w\u0142a\u015bciwe w zakresie koordynacji \u015bwiadcze\u0144 rodzinnych<\/a>.<\/span><\/li>\n<li><span style=\"font-size: 12px;\"><a href=\"http:\/\/www.rops-bialystok.pl\/rops\/?p=945\">Instytucje zagraniczne.<\/a><\/span><\/li>\n<\/ul>\n<p>&nbsp;<\/p>\n<hr width=\"100%\" \/>\n<h2><span style=\"font-size: 14px; color: #dc143c;\">Akty prawne obowi\u0105zuj\u0105ce do 30.04.2010r.<\/span><\/h2>\n<ol>\n<li><span style=\"font-size: 12px; color: #000000;\">Rozporz\u0105dzenie Rady (EWG) nr 1408\/71 z dnia 14 czerwca 1971 roku w sprawie stosowania system\u00f3w zabezpieczenia spo\u0142ecznego do pracownik\u00f3w najemnych, os\u00f3b prowadz\u0105cych dzia\u0142alno\u015b\u0107 na w\u0142asny rachunek i cz\u0142onk\u00f3w ich rodzin przemieszczaj\u0105cych si\u0119 we wsp\u00f3lnocie.<\/span><\/li>\n<li><span style=\"font-size: 12px; color: #000000;\">Rozporz\u0105dzenie Rady (EWG) nr 574\/72 z dnia 21 marca 1972r. dotycz\u0105ce wykonywania Rozporz\u0105dzenia (EWG) nr 1408\/71 w sprawie stosowania system\u00f3w zabezpieczenia spo\u0142ecznego do pracownik\u00f3w najemnych, os\u00f3b prowadz\u0105cych dzia\u0142alno\u015b\u0107 na w\u0142asny rachunek i do cz\u0142onk\u00f3w ich rodzin przemieszczaj\u0105cych si\u0119 we Wsp\u00f3lnocie.<\/span><\/li>\n<li><span style=\"font-size: 12px; color: #000000;\">Decyzja Komisji Administracyjnej nr 142 z dnia 13 lutego 1990r. dotycz\u0105ca art. 73, 74 i 75 Rozporz\u0105dzenia (EWG) nr 1408\/71.<\/span><\/li>\n<li><span style=\"font-size: 12px; color: #000000;\">Decyzja Komisji Administracyjnej nr 201 z dnia 15 grudnia 2004 r. w sprawie wzor\u00f3w formularzy niezb\u0119dnych do stosowania rozporz\u0105dze\u0144 Rady (EWG) nr 1408\/71 i (EWG) nr 574\/72 (seria E 400)<\/span><\/li>\n<li><span style=\"font-size: 12px; color: #000000;\">\u00a0Decyzja Komisji Administracyjnej nr 207 z dnia 7 kwietnia 2006 r. dotycz\u0105ca interpretacji art. 76 i art. 79 ust. 3 rozporz\u0105dzenia (EWG) nr 1408\/71 oraz art. 10 ust. 1 rozporz\u0105dzenia (EWG) nr 574\/72 dotycz\u0105cych kumulacji \u015bwiadcze\u0144 i zasi\u0142k\u00f3w rodzinnych<\/span><\/li>\n<li><span style=\"font-size: 12px; color: #000000;\">Rozporz\u0105dzenie (WE) nr 629\/2006 Parlamentu Europejskiego i Rady z dnia 5 kwietnia 2006 r. zmieniaj\u0105ce rozporz\u0105dzenie Rady (EWG) nr 1408\/71 w sprawie stosowania system\u00f3w zabezpieczenia spo\u0142ecznego do pracownik\u00f3w najemnych, os\u00f3b prowadz\u0105cych dzia\u0142alno\u015b\u0107 na w\u0142asny rachunek i do cz\u0142onk\u00f3w ich rodzin przemieszczaj\u0105cych si\u0119 we Wsp\u00f3lnocie oraz rozporz\u0105dzenie Rady (EWG) nr 574\/72 w sprawie wykonywania rozporz\u0105dzenia (EWG) nr 1408\/71.<\/span><\/li>\n<\/ol>\n<div><span style=\"color: #333333;\"><strong><span style=\"font-size: 12px;\">Powy\u017csze akty prawne nadal obowi\u0105zuj\u0105 w Norwegii, Islandii, Szwajcarii i Liechtenstein.<\/span><\/strong><\/span><\/div>\n<div>\u00a0<\/div>\n<div>\n<hr width=\"100%\" \/><\/div>\n<div>\n<h2><span style=\"font-size: 14px; color: #ff0000;\">Zmiany w przepisach dotycz\u0105cych \u015bwiadcze\u0144 rodzinnych po 01.05.2010r.<\/span><\/h2>\n<p><span style=\"font-size: 12px; color: #000000;\">Do dnia 30.04.2010r. koordynacja system\u00f3w zabezpieczenia spo\u0142ecznego w UE opiera\u0142a si\u0119 na dw\u00f3ch podstawowych aktach prawa wsp\u00f3lnotowego:<\/span><\/p>\n<div style=\"text-align: justify;\"><span style=\"font-size: 12px; color: #000000;\">&#8211;\u00a0\u00a0 rozporz\u0105dzeniu Rady (EWG) nr 1408\/71 z dnia 14 czerwca 1971 r. w sprawie stosowania system\u00f3w zabezpieczenia spo\u0142ecznego do pracownik\u00f3w najemnych, os\u00f3b prowadz\u0105cych dzia\u0142alno\u015b\u0107 na w\u0142asny rachunek i do cz\u0142onk\u00f3w ich rodzin przemieszczaj\u0105cych si\u0119 we Wsp\u00f3lnocie; oraz<\/span><\/div>\n<div><span style=\"font-size: 12px; color: #000000;\">&#8211;\u00a0\u00a0 rozporz\u0105dzeniu Rady (EWG) nr 574\/72 z dnia 21 marca 1972 w sprawie wykonywania rozporz\u0105dzenia (EWG) nr 1408\/71.<\/span><\/div>\n<div style=\"text-align: justify;\"><span style=\"font-size: 12px; color: #000000;\">W dniu 1 maja 2010 r. wesz\u0142a w \u017cycie reforma sytemu koordynacji system\u00f3w zabezpieczenia spo\u0142ecznego, a miejsce rozporz\u0105dze\u0144 1408\/71 i 574\/72 w unijnym porz\u0105dku prawnym zaj\u0119\u0142y odpowiednio rozporz\u0105dzenie Rady i Parlamentu Europejskiego (WE) nr 883\/2004 z dnia 29 kwietnia 2004 r. w sprawie koordynacji system\u00f3w zabezpieczenia spo\u0142ecznego &#8211; jako nowe rozporz\u0105dzenie podstawowe oraz rozporz\u0105dzenie Rady i Parlamentu Europejskiego nr 987\/2009 z dnia 16 wrze\u015bnia 2009 r. dotycz\u0105ce wykonywania rozporz\u0105dzenia (WE) nr 883\/2004 w sprawie koordynacji system\u00f3w zabezpieczenia spo\u0142ecznego &#8211; jako nowe rozporz\u0105dzenie wykonawcze.<\/span><\/div>\n<div style=\"text-align: justify;\"><span style=\"font-size: 12px; color: #000000;\">Szczeg\u00f3\u0142owa interpretacja postanowie\u0144 rozporz\u0105dze\u0144 883\/2004 oraz 987\/2009 zosta\u0142a zawarta w nowych decyzjach i zaleceniach Komisji Administracyjnej ds. Koordynacji System\u00f3w Zabezpieczenia Spo\u0142ecznego.<\/span><\/div>\n<hr style=\"width: 100%;\" width=\"100%\" \/><\/div>\n<div>\n<h2><span style=\"font-size: 14px; color: #ff0000;\">Akty prawne obowi\u0105zuj\u0105ce od 01.05.2010r.<\/span><\/h2>\n<ol>\n<li><span style=\"font-size: 12px; color: #000000;\">Rozporz\u0105dzenie Parlamentu Europejskiego i Rady (WE) Nr 883\/2004 z dnia 29 kwietnia 2004 w sprawie koordynacji system\u00f3w zabezpieczenia spo\u0142ecznego<\/span><\/li>\n<li><span style=\"font-size: 12px; color: #000000;\">Rozporz\u0105dzenie Parlamentu Europejskiego i Rady (WE) Nr 987\/2009 z dnia 16 wrze\u015bnia 2009 dotycz\u0105ce wykonania rozporz\u0105dzenia (WE) Nr 883\/2004 z dnia 29 kwietnia 2004 w sprawie koordynacji system\u00f3w zabezpieczenia spo\u0142ecznego<\/span><\/li>\n<\/ol>\n<\/div>\n<hr width=\"100%\" \/>\n<h2><span style=\"font-size: 14px; color: #ff0000;\">Fundusz alimentacyjny po 01.05.2010r.<\/span><\/h2>\n<div style=\"text-align: justify;\">\u00a0<\/div>\n<div style=\"text-align: justify;\"><span style=\"font-size: 12px; color: #000000;\">Od 1 maja 2010 r. z zakresu przedmiotowego przepis\u00f3w o koordynacji system\u00f3w zabezpieczenia spo\u0142ecznego wy\u0142\u0105czone s\u0105 \u015bwiadczenia z funduszu alimentacyjnego. Zmiana ta wynika z wej\u015bcia w \u017cycie rozporz\u0105dzenia Rady i Parlamentu Europejskiego (WE) nr 883\/2004 z dnia 29 kwietnia 2004 r. w sprawie koordynacji system\u00f3w zabezpieczenia spo\u0142ecznego.<\/span><\/div>\n<div>\u00a0<\/div>\n<div style=\"text-align: justify;\"><span style=\"font-size: 12px; color: #000000;\">Oznacza to, \u017ce od dnia 1 maja 2010 roku prawo do \u015bwiadcze\u0144 z funduszu alimentacyjnego ustala wy\u0142\u0105cznie organ w\u0142a\u015bciwy tj. w\u00f3jt, burmistrz lub prezydent miasta na podstawie ustawy o pomocy osobom uprawnionym do aliment\u00f3w (Dz. U. z 2009 r. Nr 1, poz. 7, z p\u00f3\u017an. zm.). W zwi\u0105zku z powy\u017cszym, od 1 maja 2010 r. nie ma zastosowania art. 17 ww. ustawy, w szczeg\u00f3lno\u015bci bezprzedmiotowym jest wyst\u0119powanie na podstawie art. 17 ust. 2 tej ustawy do marsza\u0142ka wojew\u00f3dztwa o ustalenie czy w sprawie maj\u0105 zastosowanie przepisy o koordynacji system\u00f3w zabezpieczenia spo\u0142ecznego. Ponadto, w przypadku gdy w danej sprawie nie znajd\u0105 zastosowania przepisy przej\u015bciowe ww. rozporz\u0105dzenia (mo\u017cliwo\u015b\u0107 zastosowania tych przepis\u00f3w stwierdza marsza\u0142ek wojew\u00f3dztwa), niezako\u0144czone przed 1 maja 2010 r. sprawy dotycz\u0105ce ustalenia prawa do \u015bwiadcze\u0144 z funduszu alimentacyjnego marsza\u0142ek przeka\u017ce do organu w\u0142a\u015bciwego wierzyciela, w celu rozpatrzenia wniosku wy\u0142\u0105cznie w oparciu o przepisy prawa krajowego.<\/span><\/div>\n","protected":false},"excerpt":{"rendered":"<p>\u015awiadczenia rodzinne Przepisy o koordynacji system\u00f3w zabezpieczenia spo\u0142ecznego zawieraj\u0105 regu\u0142y, dzi\u0119ki kt\u00f3rym osoby podejmuj\u0105ce prac\u0119 r\u00f3wnocze\u015bnie lub kolejno w kilku pa\u0144stwach cz\u0142onkowskich, unikaj\u0105 negatywnych nast\u0119pstw podlegania systemom zabezpieczenia spo\u0142ecznego r\u00f3\u017cnych pa\u0144stw. Zapewniaj\u0105 r\u00f3wne traktowanie ka\u017cdego obywatela Unii i daj\u0105 prawo do opieki lekarskiej, \u015bwiadcze\u0144 chorobowych, rodzinnych, emerytur czy rent. Wskazuj\u0105, w kt\u00f3rym kraju osoba pracuj\u0105ca [&hellip;]<\/p>\n","protected":false},"author":12,"featured_media":0,"parent":0,"menu_order":0,"comment_status":"closed","ping_status":"closed","template":"","meta":{"ngg_post_thumbnail":0,"footnotes":""},"class_list":["post-898","page","type-page","status-publish","hentry"],"_links":{"self":[{"href":"https:\/\/rops-bialystok.pl\/rops\/index.php?rest_route=\/wp\/v2\/pages\/898","targetHints":{"allow":["GET"]}}],"collection":[{"href":"https:\/\/rops-bialystok.pl\/rops\/index.php?rest_route=\/wp\/v2\/pages"}],"about":[{"href":"https:\/\/rops-bialystok.pl\/rops\/index.php?rest_route=\/wp\/v2\/types\/page"}],"author":[{"embeddable":true,"href":"https:\/\/rops-bialystok.pl\/rops\/index.php?rest_route=\/wp\/v2\/users\/12"}],"replies":[{"embeddable":true,"href":"https:\/\/rops-bialystok.pl\/rops\/index.php?rest_route=%2Fwp%2Fv2%2Fcomments&post=898"}],"version-history":[{"count":38,"href":"https:\/\/rops-bialystok.pl\/rops\/index.php?rest_route=\/wp\/v2\/pages\/898\/revisions"}],"predecessor-version":[{"id":924,"href":"https:\/\/rops-bialystok.pl\/rops\/index.php?rest_route=\/wp\/v2\/pages\/898\/revisions\/924"}],"wp:attachment":[{"href":"https:\/\/rops-bialystok.pl\/rops\/index.php?rest_route=%2Fwp%2Fv2%2Fmedia&parent=898"}],"curies":[{"name":"wp","href":"https:\/\/api.w.org\/{rel}","templated":true}]}}